{"id":2,"date":"2023-12-08T16:27:28","date_gmt":"2023-12-08T16:27:28","guid":{"rendered":"http:\/\/jornadaparaorlando.com.br\/web\/?page_id=2"},"modified":"2026-03-02T14:43:34","modified_gmt":"2026-03-02T17:43:34","slug":"quem-somos-jornada-para-orlando","status":"publish","type":"page","link":"https:\/\/jornadaparaorlando.com.br\/web\/quem-somos-jornada-para-orlando\/","title":{"rendered":"QUEM SOMOS"},"content":{"rendered":"\n<div style=\"height:50px\" aria-hidden=\"true\" class=\"wp-block-spacer\"><\/div>\n\n\n\n<div id=\"ez-toc-container\" class=\"ez-toc-v2_0_82 counter-hierarchy ez-toc-counter ez-toc-grey ez-toc-container-direction\">\r\n<div class=\"ez-toc-title-container\">\r\n<span class=\"ez-toc-title-toggle\"><a href=\"#\" class=\"ez-toc-pull-right ez-toc-btn ez-toc-btn-xs ez-toc-btn-default ez-toc-toggle\" aria-label=\"Toggle Table of Content\"><span class=\"ez-toc-js-icon-con\"><span class=\"\"><span class=\"eztoc-hide\" style=\"display:none;\">Toggle<\/span><span class=\"ez-toc-icon-toggle-span\"><svg style=\"fill: #999;color:#999\" xmlns=\"http:\/\/www.w3.org\/2000\/svg\" class=\"list-377408\" width=\"20px\" height=\"20px\" viewBox=\"0 0 24 24\" fill=\"none\"><path d=\"M6 6H4v2h2V6zm14 0H8v2h12V6zM4 11h2v2H4v-2zm16 0H8v2h12v-2zM4 16h2v2H4v-2zm16 0H8v2h12v-2z\" fill=\"currentColor\"><\/path><\/svg><svg style=\"fill: #999;color:#999\" class=\"arrow-unsorted-368013\" xmlns=\"http:\/\/www.w3.org\/2000\/svg\" width=\"10px\" height=\"10px\" viewBox=\"0 0 24 24\" version=\"1.2\" baseProfile=\"tiny\"><path d=\"M18.2 9.3l-6.2-6.3-6.2 6.3c-.2.2-.3.4-.3.7s.1.5.3.7c.2.2.4.3.7.3h11c.3 0 .5-.1.7-.3.2-.2.3-.5.3-.7s-.1-.5-.3-.7zM5.8 14.7l6.2 6.3 6.2-6.3c.2-.2.3-.5.3-.7s-.1-.5-.3-.7c-.2-.2-.4-.3-.7-.3h-11c-.3 0-.5.1-.7.3-.2.2-.3.5-.3.7s.1.5.3.7z\"\/><\/svg><\/span><\/span><\/span><\/a><\/span><\/div>\r\n<nav><ul class='ez-toc-list ez-toc-list-level-1 ' ><li class='ez-toc-page-1 ez-toc-heading-level-2'><a class=\"ez-toc-link ez-toc-heading-1\" href=\"https:\/\/jornadaparaorlando.com.br\/web\/quem-somos-jornada-para-orlando\/#Bem-vindo_ao_blog_Jornada_para_Orlando\" >Bem-vindo ao blog Jornada para Orlando!<\/a><\/li><li class='ez-toc-page-1 ez-toc-heading-level-2'><a class=\"ez-toc-link ez-toc-heading-2\" href=\"https:\/\/jornadaparaorlando.com.br\/web\/quem-somos-jornada-para-orlando\/#%E2%9C%88%EF%B8%8F_O_que_voce_encontra_no_Jornada_para_Orlando\" >\u2708\ufe0f O que voc\u00ea encontra no Jornada para Orlando<\/a><\/li><li class='ez-toc-page-1 ez-toc-heading-level-2'><a class=\"ez-toc-link ez-toc-heading-3\" href=\"https:\/\/jornadaparaorlando.com.br\/web\/quem-somos-jornada-para-orlando\/#%F0%9F%93%9A_Como_o_conteudo_e_produzido\" >\ud83d\udcda Como o conte\u00fado \u00e9 produzido<\/a><\/li><li class='ez-toc-page-1 ez-toc-heading-level-2'><a class=\"ez-toc-link ez-toc-heading-4\" href=\"https:\/\/jornadaparaorlando.com.br\/web\/quem-somos-jornada-para-orlando\/#%F0%9F%8E%AF_Minha_missao\" >\ud83c\udfaf Minha miss\u00e3o<\/a><\/li><li class='ez-toc-page-1 ez-toc-heading-level-2'><a class=\"ez-toc-link ez-toc-heading-5\" href=\"https:\/\/jornadaparaorlando.com.br\/web\/quem-somos-jornada-para-orlando\/#%F0%9F%93%B2_Conecte-se_conosco\" >\ud83d\udcf2 Conecte-se conosco<\/a><\/li><\/ul><\/nav><\/div>\r\n<h2 class=\"wp-block-heading\"><span class=\"ez-toc-section\" id=\"Bem-vindo_ao_blog_Jornada_para_Orlando\"><\/span>Bem-vindo ao blog Jornada para Orlando!<span class=\"ez-toc-section-end\"><\/span><\/h2>\n\n\n\n<p>Meu nome \u00e9 <strong>Juliana Octavini<\/strong>, criadora do blog <strong>Jornada para Orlando<\/strong>, um espa\u00e7o dedicado a ajudar brasileiros a planejarem viagens para Orlando com mais seguran\u00e7a, economia bem como informa\u00e7\u00f5es atualizadas da cidade e suas atra\u00e7\u00f5es.<\/p>\n\n\n\n<p>Minha conex\u00e3o com Orlando come\u00e7ou em 2011, quando fiz minha primeira viagem de f\u00e9rias. A paix\u00e3o pela cidade foi tanta que, desde ent\u00e3o, voltei in\u00fameras outras vezes.<\/p>\n\n\n\n<p>Por\u00e9m, vendo a dificuldade que muitas fam\u00edlias sentem ao planejar sua viagem, surgiu minha vontade de criar o blog. Percebi, assim, que ao longo do tempo, muitas informa\u00e7\u00f5es dispon\u00edveis na internet estavam desatualizadas, incompletas ou pouco adaptadas \u00e0 realidade do p\u00fablico brasileiro.<\/p>\n\n\n\n<p>Logo, foi a partir dessa necessidade que o <strong>Jornada para Orlando<\/strong> nasceu. Ele \u00e9 um blog criado para reunir, sobretudo, um conte\u00fado organizado, acess\u00edvel e constantemente atualizado sobre os parques tem\u00e1ticos da regi\u00e3o, hospedagem, restaurantes, eventos sazonais que acontecem na cidade e, ainda, sobre curiosidades da cultura americana.<\/p>\n\n\n\n<div style=\"height:35px\" aria-hidden=\"true\" class=\"wp-block-spacer\"><\/div>\n\n\n\n<h2 class=\"wp-block-heading\"><span class=\"ez-toc-section\" id=\"%E2%9C%88%EF%B8%8F_O_que_voce_encontra_no_Jornada_para_Orlando\"><\/span><strong>\u2708\ufe0f O que voc\u00ea encontra no Jornada para Orlando<\/strong><span class=\"ez-toc-section-end\"><\/span><\/h2>\n\n\n\n<p>Atualmente, o blog conta com <strong>mais de 200 artigos publicados<\/strong>, abordando temas como:<\/p>\n\n\n\n<ul class=\"wp-block-list\">\n<li>Guias completos dos parques da Disney e Universal Studios<\/li>\n\n\n\n<li>Eventos sazonais em Orlando<\/li>\n\n\n\n<li>Dicas de hospedagem e restaurantes<\/li>\n\n\n\n<li>Cultura americana e curiosidades para turistas<\/li>\n\n\n\n<li>Informa\u00e7\u00f5es pr\u00e1ticas para planejamento de viagem<\/li>\n<\/ul>\n\n\n\n<p>Sendo assim, meu objetivo \u00e9 facilitar o planejamento do viajante brasileiro, oferecendo conte\u00fado claro, direto e organizado.<\/p>\n\n\n\n<div style=\"height:35px\" aria-hidden=\"true\" class=\"wp-block-spacer\"><\/div>\n\n\n\n<h2 class=\"wp-block-heading\"><span class=\"ez-toc-section\" id=\"%F0%9F%93%9A_Como_o_conteudo_e_produzido\"><\/span><strong>\ud83d\udcda Como o conte\u00fado \u00e9 produzido<\/strong><span class=\"ez-toc-section-end\"><\/span><\/h2>\n\n\n\n<p>Cada artigo publicado no Jornada para Orlando \u00e9 desenvolvido com base em:<\/p>\n\n\n\n<p>\u2714 Pesquisas constante de fontes oficiais<br>\u2714 Atualiza\u00e7\u00f5es frequentes de datas e informa\u00e7\u00f5es<br>\u2714 Acompanhamento das novidades do setor tur\u00edstico<br>\u2714 Organiza\u00e7\u00e3o did\u00e1tica para facilitar a leitura<\/p>\n\n\n\n<p>Meu compromisso \u00e9 entregar conte\u00fado relevante, confi\u00e1vel e, sobretudo, \u00fatil para quem est\u00e1 planejando viajar.<\/p>\n\n\n\n<div style=\"height:35px\" aria-hidden=\"true\" class=\"wp-block-spacer\"><\/div>\n\n\n\n<h2 class=\"wp-block-heading\"><span class=\"ez-toc-section\" id=\"%F0%9F%8E%AF_Minha_missao\"><\/span><strong>\ud83c\udfaf Minha miss\u00e3o<\/strong><span class=\"ez-toc-section-end\"><\/span><\/h2>\n\n\n\n<p>A miss\u00e3o do <strong>Jornada para Orlando<\/strong> \u00e9 ajudar voc\u00ea a transformar o sonho da viagem em um planejamento estrat\u00e9gico, consciente e, portanto, bem informado.<\/p>\n\n\n\n<p>Acredito que informa\u00e7\u00e3o correta evita erros, reduz custos desnecess\u00e1rios e melhora significativamente a experi\u00eancia do viajante. Por isso, prezo, acima de tudo, pela transpar\u00eancia com nossos leitores.<\/p>\n\n\n\n<p>\u00c9 por este motivo que trabalho, continuamente, para ampliar conte\u00fados, aprofundar an\u00e1lises e oferecer guias completos que agreguem valor real \u00e0 voc\u00ea, leitor.<\/p>\n\n\n\n<div style=\"height:35px\" aria-hidden=\"true\" class=\"wp-block-spacer\"><\/div>\n\n\n\n<h2 class=\"wp-block-heading\"><span class=\"ez-toc-section\" id=\"%F0%9F%93%B2_Conecte-se_conosco\"><\/span><strong>\ud83d\udcf2 Conecte-se conosco<\/strong><span class=\"ez-toc-section-end\"><\/span><\/h2>\n\n\n\n<p>Voc\u00ea tamb\u00e9m pode acompanhar o<strong> Jornada para Orlando <\/strong>nas redes sociais, onde compartilho atualiza\u00e7\u00f5es, curiosidades e conte\u00fados complementares ao blog. Por isso, n\u00e3o deixe de seguir nossos perfis abaixo:<\/p>\n\n\n\n<p><strong>Instagram:<\/strong> <a href=\"https:\/\/www.instagram.com\/_jornadaparaorlando\/\" target=\"_blank\" rel=\"noreferrer noopener\">https:\/\/www.instagram.com\/_jornadaparaorlando\/<\/a><\/p>\n\n\n\n<p><strong>Facebook:<\/strong> <a href=\"https:\/\/www.facebook.com\/jornadaparaorlando\" target=\"_blank\" rel=\"noreferrer noopener\">https:\/\/www.facebook.com\/jornadaparaorlando<\/a><\/p>\n\n\n\n<p><strong>YouTube:<\/strong> <a href=\"https:\/\/www.youtube.com\/@jornadaparaorlando\" target=\"_blank\" rel=\"noreferrer noopener\">https:\/\/www.youtube.com\/@jornadaparaorlando<\/a><\/p>\n\n\n\n<p><strong>TikTok:<\/strong> <a href=\"https:\/\/www.tiktok.com\/@jornadaparaorlando\" target=\"_blank\" rel=\"noreferrer noopener\">https:\/\/www.tiktok.com\/@jornadaparaorlando<\/a><\/p>\n\n\n\n<div style=\"height:55px\" aria-hidden=\"true\" class=\"wp-block-spacer\"><\/div>\n\n\n\n<p><strong>Com carinho,<br>Juliana Octavini<br><\/strong><\/p>\n\n\n\n<div style=\"height:100px\" aria-hidden=\"true\" class=\"wp-block-spacer\"><\/div>\n\n\n<div class=\"wp-block-image\">\n<figure class=\"aligncenter size-large\"><img data-recalc-dims=\"1\" decoding=\"async\" width=\"1024\" height=\"649\" data-src=\"https:\/\/i0.wp.com\/jornadaparaorlando.com.br\/web\/wp-content\/uploads\/2024\/05\/jornada-para-orlando-quem-somos02.png?resize=1024%2C649&#038;ssl=1\" alt=\"Fotos de viagens para os parques tem\u00e1ticos de Orlando no decorrer dos anos\" class=\"wp-image-488 lazyload\" data-srcset=\"https:\/\/i0.wp.com\/jornadaparaorlando.com.br\/web\/wp-content\/uploads\/2024\/05\/jornada-para-orlando-quem-somos02.png?resize=1024%2C649&amp;ssl=1 1024w, https:\/\/i0.wp.com\/jornadaparaorlando.com.br\/web\/wp-content\/uploads\/2024\/05\/jornada-para-orlando-quem-somos02.png?resize=300%2C190&amp;ssl=1 300w, https:\/\/i0.wp.com\/jornadaparaorlando.com.br\/web\/wp-content\/uploads\/2024\/05\/jornada-para-orlando-quem-somos02.png?resize=768%2C487&amp;ssl=1 768w, https:\/\/i0.wp.com\/jornadaparaorlando.com.br\/web\/wp-content\/uploads\/2024\/05\/jornada-para-orlando-quem-somos02.png?resize=1536%2C973&amp;ssl=1 1536w, https:\/\/i0.wp.com\/jornadaparaorlando.com.br\/web\/wp-content\/uploads\/2024\/05\/jornada-para-orlando-quem-somos02.png?w=2000&amp;ssl=1 2000w\" data-sizes=\"(max-width: 1024px) 100vw, 1024px\" src=\"data:image\/svg+xml;base64,PHN2ZyB3aWR0aD0iMSIgaGVpZ2h0PSIxIiB4bWxucz0iaHR0cDovL3d3dy53My5vcmcvMjAwMC9zdmciPjwvc3ZnPg==\" style=\"--smush-placeholder-width: 1024px; --smush-placeholder-aspect-ratio: 1024\/649;\" \/><\/figure>\n<\/div>\n\n\n<div style=\"height:81px\" aria-hidden=\"true\" class=\"wp-block-spacer\"><\/div>\n\n\n\n<figure class=\"wp-block-image size-large\"><img data-recalc-dims=\"1\" decoding=\"async\" width=\"1024\" height=\"384\" data-src=\"https:\/\/i0.wp.com\/jornadaparaorlando.com.br\/web\/wp-content\/uploads\/2024\/05\/jornada-para-orlando-quem-somos.jpg?resize=1024%2C384&#038;ssl=1\" alt=\"apresenta\u00e7\u00e3o da pessoa respons\u00e1vel pelo blog Jornada para Orlando\" class=\"wp-image-487 lazyload\" data-srcset=\"https:\/\/i0.wp.com\/jornadaparaorlando.com.br\/web\/wp-content\/uploads\/2024\/05\/jornada-para-orlando-quem-somos.jpg?resize=1024%2C384&amp;ssl=1 1024w, https:\/\/i0.wp.com\/jornadaparaorlando.com.br\/web\/wp-content\/uploads\/2024\/05\/jornada-para-orlando-quem-somos.jpg?resize=300%2C113&amp;ssl=1 300w, https:\/\/i0.wp.com\/jornadaparaorlando.com.br\/web\/wp-content\/uploads\/2024\/05\/jornada-para-orlando-quem-somos.jpg?resize=768%2C288&amp;ssl=1 768w, https:\/\/i0.wp.com\/jornadaparaorlando.com.br\/web\/wp-content\/uploads\/2024\/05\/jornada-para-orlando-quem-somos.jpg?resize=1536%2C576&amp;ssl=1 1536w, https:\/\/i0.wp.com\/jornadaparaorlando.com.br\/web\/wp-content\/uploads\/2024\/05\/jornada-para-orlando-quem-somos.jpg?w=2000&amp;ssl=1 2000w\" data-sizes=\"(max-width: 1024px) 100vw, 1024px\" src=\"data:image\/svg+xml;base64,PHN2ZyB3aWR0aD0iMSIgaGVpZ2h0PSIxIiB4bWxucz0iaHR0cDovL3d3dy53My5vcmcvMjAwMC9zdmciPjwvc3ZnPg==\" style=\"--smush-placeholder-width: 1024px; --smush-placeholder-aspect-ratio: 1024\/384;\" \/><\/figure>\n\n\n\n<div style=\"height:249px\" aria-hidden=\"true\" class=\"wp-block-spacer\"><\/div>\n","protected":false},"excerpt":{"rendered":"<p>Bem-vindo ao blog Jornada para Orlando! Meu nome \u00e9 Juliana Octavini, criadora do blog Jornada para Orlando, um espa\u00e7o dedicado a ajudar brasileiros a planejarem viagens para Orlando com mais seguran\u00e7a, economia bem como informa\u00e7\u00f5es atualizadas da cidade e suas atra\u00e7\u00f5es. Minha conex\u00e3o com Orlando come\u00e7ou em 2011, quando fiz minha primeira viagem de f\u00e9rias. [&hellip;]<\/p>\n","protected":false},"author":1,"featured_media":0,"parent":0,"menu_order":0,"comment_status":"closed","ping_status":"closed","template":"","meta":{"om_disable_all_campaigns":false,"_monsterinsights_skip_tracking":false,"_monsterinsights_sitenote_active":false,"_monsterinsights_sitenote_note":"","_monsterinsights_sitenote_category":0,"_uf_show_specific_survey":0,"_uf_disable_surveys":false,"footnotes":""},"class_list":["post-2","page","type-page","status-publish","hentry"],"jetpack_sharing_enabled":true,"_links":{"self":[{"href":"https:\/\/jornadaparaorlando.com.br\/web\/wp-json\/wp\/v2\/pages\/2","targetHints":{"allow":["GET"]}}],"collection":[{"href":"https:\/\/jornadaparaorlando.com.br\/web\/wp-json\/wp\/v2\/pages"}],"about":[{"href":"https:\/\/jornadaparaorlando.com.br\/web\/wp-json\/wp\/v2\/types\/page"}],"author":[{"embeddable":true,"href":"https:\/\/jornadaparaorlando.com.br\/web\/wp-json\/wp\/v2\/users\/1"}],"replies":[{"embeddable":true,"href":"https:\/\/jornadaparaorlando.com.br\/web\/wp-json\/wp\/v2\/comments?post=2"}],"version-history":[{"count":10,"href":"https:\/\/jornadaparaorlando.com.br\/web\/wp-json\/wp\/v2\/pages\/2\/revisions"}],"predecessor-version":[{"id":3173,"href":"https:\/\/jornadaparaorlando.com.br\/web\/wp-json\/wp\/v2\/pages\/2\/revisions\/3173"}],"wp:attachment":[{"href":"https:\/\/jornadaparaorlando.com.br\/web\/wp-json\/wp\/v2\/media?parent=2"}],"curies":[{"name":"wp","href":"https:\/\/api.w.org\/{rel}","templated":true}]}}